{"id":6445,"date":"2015-10-10T16:43:46","date_gmt":"2015-10-10T16:43:46","guid":{"rendered":"http:\/\/encoigualdad.com\/index.php\/about-us\/"},"modified":"2026-03-18T10:01:47","modified_gmt":"2026-03-18T10:01:47","slug":"quienes-somos","status":"publish","type":"page","link":"https:\/\/encoigualdad.com\/index.php\/quienes-somos\/","title":{"rendered":"QUI\u00c9NES SOMOS"},"content":{"rendered":"<p>[vc_row padding_top=\u00bb50&#8243; padding_bottom=\u00bb50&#8243; margin_bottom=\u00bb0&#8243;][vc_column]<div class=\"grve-element grve-slogan grve-align-center\" style=\"\"><div class=\"grve-subtitle\">La experiencia y la capacidad t\u00e9cnica de un equipo formado y certificado en igualdad, comunicaci\u00f3n y marketing<\/div><h2 class=\"grve-slogan-title grve-align-center grve-h3\"><span>OFRECEMOS UN SERVICIO DIFERENCIAL E INNOVADOR EN PLANES DE IGUALDAD<span class=\"grve-title-line grve-bg-primary-1\" style=\"width: 50px;height: 5px;\"><\/span><\/span><\/h2><\/div>[vc_column_text text_style=\u00bbsubtitle\u00bb]<\/p>\n<p style=\"text-align: center;\">El proyecto nace de Encomunicacion -la \u00fanica agencia de comunicaci\u00f3n con un equipo certificado para la realizaci\u00f3n de planes de igualdad- porque creemos que comunicaci\u00f3n e igualdad deben ir de la mano. Por ello conformamos un equipo multidisciplinar con gran experiencia en comunicaci\u00f3n corporativa y marketing, formaci\u00f3n en igualdad y coaching, capaz de ofrecerle soluciones a medida<\/p>\n<p>[\/vc_column_text][\/vc_column][\/vc_row][vc_row padding_top=\u00bb100&#8243; padding_bottom=\u00bb100&#8243; margin_bottom=\u00bb0&#8243; section_id=\u00bbequipo\u00bb][vc_column vertical_content_position=\u00bbmiddle\u00bb width=\u00bb1\/4&#8243;]<div class=\"grve-element grve-slogan grve-align-center\" style=\"\"><div class=\"grve-subtitle\">ESCUCHA, CONFIANZA Y CONOCIMIENTO A SU SERVICIO<\/div><h2 class=\"grve-slogan-title grve-align-center grve-h3\"><span>UN EQUIPO PREPARADO Y COMPROMETIDO<span class=\"grve-title-line grve-bg-primary-2\" style=\"width: 50px;height: 5px;\"><\/span><\/span><\/h2><\/div>[\/vc_column][vc_column width=\u00bb1\/4&#8243;]\r\n\t\t\t\t<div class=\"grve-team grve-element grve-style-1\" style=\"\">\r\n\t\t\t<figure class=\"grve-image-hover\">\r\n\t\t\t\t<div class=\"grve-team-person grve-media\">\r\n\t\t\t\t\t\t\t\t\t<img width=\"600\" height=\"800\" src=\"https:\/\/encoigualdad.com\/wp-content\/uploads\/2026\/03\/enncoigualdad_bea-600x800.jpg\" class=\"attachment-blade-grve-small-rect-vertical size-blade-grve-small-rect-vertical\" alt=\"\" loading=\"lazy\" \/>\t\t\t\t\t\t\t\t<\/div>\r\n\t\t\t\t<figcaption>\r\n\t\t\t\t\t<div class=\"grve-team-content\">\r\n\t\t\t\t\t\t<div class=\"grve-team-description grve-align-center\">\r\n\t\t\t\t\t\t\t<div class=\"grve-team-identity grve-subtitle\">CONSULTORA DE IGUALDAD Y COMUNICACI\u00d3N<\/div>\r\n\t\t\t\t\t\t\t\t\t\t\t\t\t\t<h3 class=\"grve-team-name grve-text-hover-primary-1 grve-h4\">BEATRIZ REMIRO VIRTO<\/h3>\r\n\t\t\t\t\t\t\t\t\t\t\t\t\t\t\t\t\t\t\t\t\t<p>Certificada por la EVI (Ministerio de Igualdad) para la implantaci\u00f3n en planes y medidas de igualdad en las empresas<br \/>\nCertificada por el Colegio Oficial de Graduados Sociales de Navarra -UPNA para la implantaci\u00f3n en planes y medidas de igualdad en las empresas<br \/>\nLicenciada en Ciencias de la Informaci\u00f3n por la Universidad de Navarra. Especialidad en Publicidad y Relaciones P\u00fablicas.<br \/>\nAcumula m\u00e1s de veinticinco a\u00f1os de experiencia en agencias de comunicaci\u00f3n de Pamplona. En 2004 fund\u00f3 Encomunicacion<\/p>\r\n\t\t\t\t\t\t\t\t\t\t\t\t\t<\/div>\r\n\t\t\t\t\t\t\t\t\t\t\t\t<div class=\"grve-team-social grve-list-divider grve-small-text grve-align-center\">\r\n\t\t\t\t\t\t\t<ul>\r\n\t\t\t\t\t\t\t\t<li><a href=\"https:\/\/www.linkedin.com\/in\/beatriz-remiro-virto\/\" target=\"_blank\" rel=\"noopener noreferrer\" class=\"grve-text-dark\">Linkedin<\/a><\/li>\t\t\t\t\t\t\t<\/ul>\r\n\t\t\t\t\t\t<\/div>\r\n\t\t\t\t\t\t\t\t\t\t\t<\/div>\r\n\t\t\t\t<\/figcaption>\r\n\t\t\t<\/figure>\r\n\t\t<\/div>\r\n\t\t\r\n\t\t[\/vc_column][vc_column width=\u00bb1\/4&#8243;]\r\n\t\t\t\t<div class=\"grve-team grve-element grve-style-1\" style=\"\">\r\n\t\t\t<figure class=\"grve-image-hover\">\r\n\t\t\t\t<div class=\"grve-team-person grve-media\">\r\n\t\t\t\t\t\t\t\t\t<img width=\"600\" height=\"800\" src=\"https:\/\/encoigualdad.com\/wp-content\/uploads\/2026\/03\/enncoigualdad_alberto-600x800.jpg\" class=\"attachment-blade-grve-small-rect-vertical size-blade-grve-small-rect-vertical\" alt=\"\" loading=\"lazy\" \/>\t\t\t\t\t\t\t\t<\/div>\r\n\t\t\t\t<figcaption>\r\n\t\t\t\t\t<div class=\"grve-team-content\">\r\n\t\t\t\t\t\t<div class=\"grve-team-description grve-align-center\">\r\n\t\t\t\t\t\t\t<div class=\"grve-team-identity grve-subtitle\">CONSULTOR DE COMUNICACI\u00d3N<\/div>\r\n\t\t\t\t\t\t\t\t\t\t\t\t\t\t<h3 class=\"grve-team-name grve-text-hover-primary-1 grve-h4\">ALBERTO P\u00c9REZ REINA<\/h3>\r\n\t\t\t\t\t\t\t\t\t\t\t\t\t\t\t\t\t\t\t\t\t<p>Licenciado en Ciencias de la Informaci\u00f3n por la Universidad de Navarra<br \/>\nHa impartido numerosos cursos y charlas sobre comunicaci\u00f3n y emprendimiento y acumula m\u00e1s de veinticinco a\u00f1os de experiencia en medios y agencias de comunicaci\u00f3n de Pamplona y Madrid. En 2004 fund\u00f3 Encomunicacion<\/p>\r\n\t\t\t\t\t\t\t\t\t\t\t\t\t<\/div>\r\n\t\t\t\t\t\t\t\t\t\t\t\t<div class=\"grve-team-social grve-list-divider grve-small-text grve-align-center\">\r\n\t\t\t\t\t\t\t<ul>\r\n\t\t\t\t\t\t\t\t<li><a href=\"https:\/\/www.linkedin.com\/in\/alberto-perez-reina\/\" target=\"_blank\" rel=\"noopener noreferrer\" class=\"grve-text-dark\">Linkedin<\/a><\/li>\t\t\t\t\t\t\t<\/ul>\r\n\t\t\t\t\t\t<\/div>\r\n\t\t\t\t\t\t\t\t\t\t\t<\/div>\r\n\t\t\t\t<\/figcaption>\r\n\t\t\t<\/figure>\r\n\t\t<\/div>\r\n\t\t\r\n\t\t[\/vc_column][vc_column width=\u00bb1\/4&#8243;]<div class=\"grve-element grve-slogan grve-align-center\" style=\"\"><div class=\"grve-subtitle\">EL COMPLEMENTO PERFECTO<\/div><h2 class=\"grve-slogan-title grve-align-center grve-h4\"><span>RED COLABORADORES Y PARTNERS<\/span><\/h2>  <p class=\"\">Tambi\u00e9n contamos con un gran equipo de personas especialistas en campos espec\u00edficos con los que trabajamos codo con codo para ofrecer soluciones personalizadas para cada proyecto (recursos humanos, legal, formaci\u00f3n, programaci\u00f3n, dise\u00f1o, etc) utilizando los recursos que requiera cada cliente.<\/p><\/div>[\/vc_column][\/vc_row][vc_row section_type=\u00bbfullwidth\u00bb bg_type=\u00bbcolor\u00bb footer_feature=\u00bbyes\u00bb equal_column_height=\u00bbmiddle-content\u00bb margin_bottom=\u00bb0&#8243; bg_color=\u00bb#f4f4f4&#8243;][vc_column width=\u00bb1\/2&#8243; tablet_sm_width=\u00bb1&#8243; heading_color=\u00bblight\u00bb css=\u00bb.vc_custom_1629888659606{padding-right: 50px !important;padding-left: 50px !important;background-image: url(http:\/\/encoigualdad.com\/wp-content\/uploads\/2021\/08\/el_metodo_enco_planes_de_igualdad.jpg?id=7006) !important;background-position: center !important;background-repeat: no-repeat !important;background-size: cover !important;}\u00bb font_color=\u00bb#ffffff\u00bb][vc_empty_space height=\u00bb350&#8243;]<div class=\"grve-element grve-slogan grve-align-center\" style=\"\"><h4 class=\"grve-slogan-title grve-align-center grve-h4\"><span>\u00bfQUIERE CONOCER NUESTRO M\u00c9TODO EN PERSONA?<\/span><\/h4>  <p class=\"\">Si lo desea mantenemos una reuni\u00f3n virtual o presencial -30 minutos- para definir una propuesta a medida y poder ofrecerle la soluci\u00f3n que necesita. <\/p><div class=\"grve-btn-wrapper\"><a href=\"#\" class=\"grve-btn grve-btn-small grve-square grve-bg-white grve-bg-hover-primary-1 grve-btn-line\"><span>QUIERO UNA PROPUESTA A MEDIDA<\/span><\/a><\/div><\/div>[\/vc_column][vc_column width=\u00bb1\/2&#8243; tablet_sm_width=\u00bb1&#8243; css=\u00bb.vc_custom_1443432158879{padding-right: 8% !important;padding-left: 8% !important;}\u00bb][vc_empty_space height=\u00bb50&#8243;]<div class=\"grve-element grve-slogan grve-align-center\" style=\"\"><div class=\"grve-subtitle\">LA SOLUCI\u00d3N M\u00c1S SENCILLA PARA DESARROLLAR SU PLAN DE IGUALDAD<\/div><h2 class=\"grve-slogan-title grve-align-center grve-h2\"><span style=\"font-size: 120%; line-height: 1.120em;\">EL M\u00c9TODO ENCO<\/span><\/h2><\/div>[vc_column_text]<\/p>\n<p style=\"text-align: justify;\">Las empresas necesitan eficacia y optimizar plazos y procesos para que las fases del PLAN DE IGUALDAD se lleven a cabo \u00e1gilmente. Desarrollamos\u00a0<strong>un M\u00c9TODO PROPIO para adaptarnos a las exigencias \u00a0y necesidades de cada empresa<\/strong>\u00a0con un proceso de trabajo eficiente que permita a las organizaciones seguir con su tareas diarias sin entorpecer su actividad.<\/p>\n<p>[\/vc_column_text]<div class=\"grve-element grve-progress-bars grve-style-2 grve-line-square\" style=\"\"><div class=\"grve-element grve-progress-bar grve-margin-10\" data-value=\"100\">  <div class=\"grve-small-text grve-bar-title\">Eficacia<\/div>  <div class=\"grve-bar\">    <div class=\"grve-bar-line grve-bg-primary-1\" style=\"height: 6px;\"><\/div>  <\/div><\/div><div class=\"grve-element grve-progress-bar grve-margin-10\" data-value=\"100\">  <div class=\"grve-small-text grve-bar-title\">Rentabilidad<\/div>  <div class=\"grve-bar\">    <div class=\"grve-bar-line grve-bg-primary-1\" style=\"height: 6px;\"><\/div>  <\/div><\/div><div class=\"grve-element grve-progress-bar grve-margin-10\" data-value=\"100\">  <div class=\"grve-small-text grve-bar-title\">Flexibilidad<\/div>  <div class=\"grve-bar\">    <div class=\"grve-bar-line grve-bg-primary-1\" style=\"height: 6px;\"><\/div>  <\/div><\/div><div class=\"grve-element grve-progress-bar grve-margin-10\" data-value=\"100\">  <div class=\"grve-small-text grve-bar-title\">Concreci\u00f3n y optimizaci\u00f3n<\/div>  <div class=\"grve-bar\">    <div class=\"grve-bar-line grve-bg-primary-1\" style=\"height: 6px;\"><\/div>  <\/div><\/div><div class=\"grve-element grve-progress-bar grve-margin-10\" data-value=\"100\">  <div class=\"grve-small-text grve-bar-title\">Orientaci\u00f3n a resultados<\/div>  <div class=\"grve-bar\">    <div class=\"grve-bar-line grve-bg-primary-1\" style=\"height: 6px;\"><\/div>  <\/div><\/div><\/div>[vc_empty_space height=\u00bb50&#8243;][\/vc_column][\/vc_row]<\/p>\n","protected":false},"excerpt":{"rendered":"<p>[vc_row padding_top=\u00bb50&#8243; padding_bottom=\u00bb50&#8243; margin_bottom=\u00bb0&#8243;][vc_column][vc_column_text text_style=\u00bbsubtitle\u00bb] El proyecto nace de Encomunicacion -la \u00fanica agencia de comunicaci\u00f3n con un equipo certificado para la realizaci\u00f3n de planes de igualdad- porque creemos que comunicaci\u00f3n e igualdad deben ir de la mano. Por ello conformamos un equipo multidisciplinar con gran experiencia en comunicaci\u00f3n corporativa y marketing, formaci\u00f3n en igualdad y [&hellip;]<\/p>\n","protected":false},"author":1,"featured_media":0,"parent":0,"menu_order":5,"comment_status":"closed","ping_status":"closed","template":"","meta":[],"yoast_head":"<!-- This site is optimized with the Yoast SEO plugin v17.2.1 - https:\/\/yoast.com\/wordpress\/plugins\/seo\/ -->\n<title>QUI\u00c9NES SOMOS - ENCO_IGUALDAD<\/title>\n<meta name=\"description\" content=\"La \u00fanica agencia de comunicaci\u00f3n con un equipo certificado para la realizaci\u00f3n de planes de igualdad. Realizamos acciones de formaci\u00f3n y comunicaci\u00f3n para la igualdad.\" \/>\n<meta name=\"robots\" content=\"index, follow, max-snippet:-1, max-image-preview:large, max-video-preview:-1\" \/>\n<link rel=\"canonical\" href=\"https:\/\/encoigualdad.com\/index.php\/quienes-somos\/\" \/>\n<meta property=\"og:locale\" content=\"es_ES\" \/>\n<meta property=\"og:type\" content=\"article\" \/>\n<meta property=\"og:title\" content=\"QUI\u00c9NES SOMOS - ENCO_IGUALDAD\" \/>\n<meta property=\"og:description\" content=\"La \u00fanica agencia de comunicaci\u00f3n con un equipo certificado para la realizaci\u00f3n de planes de igualdad. Realizamos acciones de formaci\u00f3n y comunicaci\u00f3n para la igualdad.\" \/>\n<meta property=\"og:url\" content=\"https:\/\/encoigualdad.com\/index.php\/quienes-somos\/\" \/>\n<meta property=\"og:site_name\" content=\"ENCO_IGUALDAD\" \/>\n<meta property=\"article:modified_time\" content=\"2026-03-18T10:01:47+00:00\" \/>\n<meta name=\"twitter:card\" content=\"summary_large_image\" \/>\n<meta name=\"twitter:label1\" content=\"Tiempo de lectura\" \/>\n\t<meta name=\"twitter:data1\" content=\"3 minutos\" \/>\n<script type=\"application\/ld+json\" class=\"yoast-schema-graph\">{\"@context\":\"https:\/\/schema.org\",\"@graph\":[{\"@type\":\"WebSite\",\"@id\":\"https:\/\/encoigualdad.com\/#website\",\"url\":\"https:\/\/encoigualdad.com\/\",\"name\":\"ENCO_IGUALDAD\",\"description\":\"PLANES DE IGUALDAD PARA EMPRESAS\",\"potentialAction\":[{\"@type\":\"SearchAction\",\"target\":{\"@type\":\"EntryPoint\",\"urlTemplate\":\"https:\/\/encoigualdad.com\/?s={search_term_string}\"},\"query-input\":\"required name=search_term_string\"}],\"inLanguage\":\"es\"},{\"@type\":\"WebPage\",\"@id\":\"https:\/\/encoigualdad.com\/index.php\/quienes-somos\/#webpage\",\"url\":\"https:\/\/encoigualdad.com\/index.php\/quienes-somos\/\",\"name\":\"QUI\\u00c9NES SOMOS - ENCO_IGUALDAD\",\"isPartOf\":{\"@id\":\"https:\/\/encoigualdad.com\/#website\"},\"datePublished\":\"2015-10-10T16:43:46+00:00\",\"dateModified\":\"2026-03-18T10:01:47+00:00\",\"description\":\"La \\u00fanica agencia de comunicaci\\u00f3n con un equipo certificado para la realizaci\\u00f3n de planes de igualdad. Realizamos acciones de formaci\\u00f3n y comunicaci\\u00f3n para la igualdad.\",\"breadcrumb\":{\"@id\":\"https:\/\/encoigualdad.com\/index.php\/quienes-somos\/#breadcrumb\"},\"inLanguage\":\"es\",\"potentialAction\":[{\"@type\":\"ReadAction\",\"target\":[\"https:\/\/encoigualdad.com\/index.php\/quienes-somos\/\"]}]},{\"@type\":\"BreadcrumbList\",\"@id\":\"https:\/\/encoigualdad.com\/index.php\/quienes-somos\/#breadcrumb\",\"itemListElement\":[{\"@type\":\"ListItem\",\"position\":1,\"name\":\"Portada\",\"item\":\"https:\/\/encoigualdad.com\/\"},{\"@type\":\"ListItem\",\"position\":2,\"name\":\"QUI\\u00c9NES SOMOS\"}]}]}<\/script>\n<!-- \/ Yoast SEO plugin. -->","yoast_head_json":{"title":"QUI\u00c9NES SOMOS - ENCO_IGUALDAD","description":"La \u00fanica agencia de comunicaci\u00f3n con un equipo certificado para la realizaci\u00f3n de planes de igualdad. Realizamos acciones de formaci\u00f3n y comunicaci\u00f3n para la igualdad.","robots":{"index":"index","follow":"follow","max-snippet":"max-snippet:-1","max-image-preview":"max-image-preview:large","max-video-preview":"max-video-preview:-1"},"canonical":"https:\/\/encoigualdad.com\/index.php\/quienes-somos\/","og_locale":"es_ES","og_type":"article","og_title":"QUI\u00c9NES SOMOS - ENCO_IGUALDAD","og_description":"La \u00fanica agencia de comunicaci\u00f3n con un equipo certificado para la realizaci\u00f3n de planes de igualdad. Realizamos acciones de formaci\u00f3n y comunicaci\u00f3n para la igualdad.","og_url":"https:\/\/encoigualdad.com\/index.php\/quienes-somos\/","og_site_name":"ENCO_IGUALDAD","article_modified_time":"2026-03-18T10:01:47+00:00","twitter_card":"summary_large_image","twitter_misc":{"Tiempo de lectura":"3 minutos"},"schema":{"@context":"https:\/\/schema.org","@graph":[{"@type":"WebSite","@id":"https:\/\/encoigualdad.com\/#website","url":"https:\/\/encoigualdad.com\/","name":"ENCO_IGUALDAD","description":"PLANES DE IGUALDAD PARA EMPRESAS","potentialAction":[{"@type":"SearchAction","target":{"@type":"EntryPoint","urlTemplate":"https:\/\/encoigualdad.com\/?s={search_term_string}"},"query-input":"required name=search_term_string"}],"inLanguage":"es"},{"@type":"WebPage","@id":"https:\/\/encoigualdad.com\/index.php\/quienes-somos\/#webpage","url":"https:\/\/encoigualdad.com\/index.php\/quienes-somos\/","name":"QUI\u00c9NES SOMOS - ENCO_IGUALDAD","isPartOf":{"@id":"https:\/\/encoigualdad.com\/#website"},"datePublished":"2015-10-10T16:43:46+00:00","dateModified":"2026-03-18T10:01:47+00:00","description":"La \u00fanica agencia de comunicaci\u00f3n con un equipo certificado para la realizaci\u00f3n de planes de igualdad. Realizamos acciones de formaci\u00f3n y comunicaci\u00f3n para la igualdad.","breadcrumb":{"@id":"https:\/\/encoigualdad.com\/index.php\/quienes-somos\/#breadcrumb"},"inLanguage":"es","potentialAction":[{"@type":"ReadAction","target":["https:\/\/encoigualdad.com\/index.php\/quienes-somos\/"]}]},{"@type":"BreadcrumbList","@id":"https:\/\/encoigualdad.com\/index.php\/quienes-somos\/#breadcrumb","itemListElement":[{"@type":"ListItem","position":1,"name":"Portada","item":"https:\/\/encoigualdad.com\/"},{"@type":"ListItem","position":2,"name":"QUI\u00c9NES SOMOS"}]}]}},"_links":{"self":[{"href":"https:\/\/encoigualdad.com\/index.php\/wp-json\/wp\/v2\/pages\/6445"}],"collection":[{"href":"https:\/\/encoigualdad.com\/index.php\/wp-json\/wp\/v2\/pages"}],"about":[{"href":"https:\/\/encoigualdad.com\/index.php\/wp-json\/wp\/v2\/types\/page"}],"author":[{"embeddable":true,"href":"https:\/\/encoigualdad.com\/index.php\/wp-json\/wp\/v2\/users\/1"}],"replies":[{"embeddable":true,"href":"https:\/\/encoigualdad.com\/index.php\/wp-json\/wp\/v2\/comments?post=6445"}],"version-history":[{"count":80,"href":"https:\/\/encoigualdad.com\/index.php\/wp-json\/wp\/v2\/pages\/6445\/revisions"}],"predecessor-version":[{"id":7299,"href":"https:\/\/encoigualdad.com\/index.php\/wp-json\/wp\/v2\/pages\/6445\/revisions\/7299"}],"wp:attachment":[{"href":"https:\/\/encoigualdad.com\/index.php\/wp-json\/wp\/v2\/media?parent=6445"}],"curies":[{"name":"wp","href":"https:\/\/api.w.org\/{rel}","templated":true}]}}