{"id":6792,"date":"2021-08-06T10:38:35","date_gmt":"2021-08-06T10:38:35","guid":{"rendered":"http:\/\/encoigualdad.com\/?page_id=6792"},"modified":"2021-09-27T10:16:09","modified_gmt":"2021-09-27T10:16:09","slug":"formacion","status":"publish","type":"page","link":"https:\/\/encoigualdad.com\/index.php\/formacion\/","title":{"rendered":"FORMACI\u00d3N"},"content":{"rendered":"<p>[vc_row padding_top=\u00bb50&#8243; padding_bottom=\u00bb50&#8243; margin_bottom=\u00bb0&#8243;][vc_column]<div class=\"grve-element grve-slogan grve-align-center\" style=\"\"><div class=\"grve-subtitle\">CURSOS A MEDIDA DE SUS NECESIDADES EN DIVERSOS FORMATOS<\/div><h2 class=\"grve-slogan-title grve-align-center grve-h3\"><span>LA FORMACI\u00d3N EN IGUALDAD QUE NECESITA SU EMPRESA<span class=\"grve-title-line grve-bg-primary-2\" style=\"width: 50px;height: 5px;\"><\/span><\/span><\/h2><\/div>[vc_column_text text_style=\u00bbsubtitle\u00bb]<\/p>\n<p style=\"text-align: center;\">Desarrollamos <strong>acciones de formaci\u00f3n espec\u00edfica en el marco\u00a0de la ejecuci\u00f3n del Plan de Igualdad<\/strong>. Tambi\u00e9n ofrecemos<strong> de forma independiente formaci\u00f3n para empresas y organizaciones<\/strong> tengan o no su Plan de Igualdad<\/p>\n<p>[\/vc_column_text][\/vc_column][\/vc_row][vc_row][vc_column]\t\t\t<div class=\"grve-element grve-with-gap grve-portfolio grve-isotope\" style=\"\" data-spinner=\"yes\" data-columns=\"3\" data-columns-tablet-landscape=\"3\" data-columns-tablet-portrait=\"2\" data-columns-mobile=\"1\" data-layout=\"fitRows\" data-gutter-size=\"40\">\r\n\t\t\r\n\t\t\t<div class=\"grve-isotope-container\">\r\n\t\t\t\t\t\t\t<article id=\"portfolio-7136-69f268afa574c\" class=\"grve-isotope-item grve-portfolio-item  post-7136 portfolio type-portfolio status-publish has-post-thumbnail hentry portfolio_category-formacion portfolio_category-liderazgo\">\r\n\t\t\t\t\t\t\t\t\t\t\t\t\t\t\t\t\t<a href=\"https:\/\/encoigualdad.com\/index.php\/portfolio\/liderazgo\/\">\r\n\t\t\t\t\t\t\t\t\t\t<div class=\"grve-isotope-item-inner grve-zoomIn\">\r\n\t\t\t\t\t\t\t\t<figure class=\"grve-hover-style-2 grve-image-hover grve-zoom-none\">\r\n\t\t\t\t\t\t\t\t\t<div class=\"grve-media grve-text-light grve-bg-none\">\r\n\t\t\t\t\t\t\t\t\t\t\t\t\t\t\t\t\t\t\t\t<div class=\"grve-bg-primary-1 grve-hover-overlay grve-opacity-90\"><\/div>\r\n\t\t\t\t\t\t\t\t\t\t\t\t\t\t\t\t\t\t\t\t<img width=\"800\" height=\"600\" src=\"https:\/\/encoigualdad.com\/wp-content\/uploads\/2015\/09\/CONTENIDOS_FORMACION2-800x600.jpg\" class=\"attachment-blade-grve-small-rect-horizontal size-blade-grve-small-rect-horizontal\" alt=\"LIDERAZGO-FORMACION-ENCO\" loading=\"lazy\" \/>\r\n\t\t\t\t\t\t\t\t\t\t\t\t\t\t\t\t\t\t\t<\/div>\r\n\t\t\t\t\t\t\t\t\t<figcaption>\r\n\t\t\t\t\t\t\t\t\t\t<div class=\"grve-portfolio-content\">\r\n\t\t\t\t\t\t\t\t\t\t\t\t\t\t\t\t\t\t\t\t\t\t<h2 class=\"grve-title grve-text-hover-primary-1 grve-h5\">LIDERAZGO<\/h2>\r\n\t\t\t\t\t\t\t\t\t\t\t\t\t\t\t\t\t\t\t\t\t\t\t\t\t\t\t\t\t\t\t\t\t<div class=\"grve-caption grve-text-content\">El enfoque de g\u00e9nero en el liderazgo de equipos y organizaciones<\/div>\r\n\t\t\t\t\t\t\t\t\t\t\t\t\t\t\t\t\t\t\t\t\t<\/div>\r\n\t\t\t\t\t\t\t\t\t<\/figcaption>\r\n\t\t\t\t\t\t\t\t<\/figure>\r\n\t\t\t\t\t\t\t<\/div>\r\n\t\t\t\t\t\t\t<\/a>\t\t\t\t\t\t\r\n\t\t\t\t\t<\/article>\r\n\t\t\t\t\t<article id=\"portfolio-4609-69f268afa5b63\" class=\"grve-isotope-item grve-portfolio-item  post-4609 portfolio type-portfolio status-publish has-post-thumbnail hentry portfolio_category-comunicacion portfolio_category-formacion portfolio_category-formacion-sectorial portfolio_category-lenguaje-inclusivo portfolio_category-liderazgo portfolio_category-sensibilizacion\">\r\n\t\t\t\t\t\t\t\t\t\t\t\t\t\t\t\t\t<a href=\"https:\/\/encoigualdad.com\/index.php\/portfolio\/comunicacion-y-genero\/\">\r\n\t\t\t\t\t\t\t\t\t\t<div class=\"grve-isotope-item-inner grve-zoomIn\">\r\n\t\t\t\t\t\t\t\t<figure class=\"grve-hover-style-2 grve-image-hover grve-zoom-none\">\r\n\t\t\t\t\t\t\t\t\t<div class=\"grve-media grve-text-light grve-bg-none\">\r\n\t\t\t\t\t\t\t\t\t\t\t\t\t\t\t\t\t\t\t\t<div class=\"grve-bg-primary-1 grve-hover-overlay grve-opacity-90\"><\/div>\r\n\t\t\t\t\t\t\t\t\t\t\t\t\t\t\t\t\t\t\t\t<img width=\"800\" height=\"600\" src=\"https:\/\/encoigualdad.com\/wp-content\/uploads\/2015\/09\/CONTENIDOS_FORMACION-800x600.jpg\" class=\"attachment-blade-grve-small-rect-horizontal size-blade-grve-small-rect-horizontal\" alt=\"COMUNICACI\u00d3N Y G\u00c9NERO-FORMACI\u00d3N-ENCO\" loading=\"lazy\" \/>\r\n\t\t\t\t\t\t\t\t\t\t\t\t\t\t\t\t\t\t\t<\/div>\r\n\t\t\t\t\t\t\t\t\t<figcaption>\r\n\t\t\t\t\t\t\t\t\t\t<div class=\"grve-portfolio-content\">\r\n\t\t\t\t\t\t\t\t\t\t\t\t\t\t\t\t\t\t\t\t\t\t<h2 class=\"grve-title grve-text-hover-primary-1 grve-h5\">COMUNICACI\u00d3N Y G\u00c9NERO<\/h2>\r\n\t\t\t\t\t\t\t\t\t\t\t\t\t\t\t\t\t\t\t\t\t\t\t\t\t\t\t\t\t\t\t\t\t<div class=\"grve-caption grve-text-content\">Conozca las claves para comunicar correctamente desde el punto de vista de g\u00e9nero <\/div>\r\n\t\t\t\t\t\t\t\t\t\t\t\t\t\t\t\t\t\t\t\t\t<\/div>\r\n\t\t\t\t\t\t\t\t\t<\/figcaption>\r\n\t\t\t\t\t\t\t\t<\/figure>\r\n\t\t\t\t\t\t\t<\/div>\r\n\t\t\t\t\t\t\t<\/a>\t\t\t\t\t\t\r\n\t\t\t\t\t<\/article>\r\n\t\t\t\t<\/div>\r\n\t\t\t<\/div>\r\n\r\n\t\t[\/vc_column][\/vc_row][vc_row heading_color=\u00bblight\u00bb bg_type=\u00bbimage\u00bb bg_image=\u00bb6999&#8243; bg_image_type=\u00bbparallax\u00bb bg_image_size=\u00bbfull\u00bb color_overlay=\u00bbdark\u00bb opacity_overlay=\u00bb50&#8243; footer_feature=\u00bbyes\u00bb padding_top=\u00bb120&#8243; padding_bottom=\u00bb120&#8243; margin_bottom=\u00bb0&#8243; font_color=\u00bbrgba(255,255,255,0.63)\u00bb][vc_column css=\u00bb.vc_custom_1444673419444{padding-right: 15% !important;padding-left: 15% !important;}\u00bb]<div class=\"grve-element grve-slogan grve-align-center\" style=\"\"><div class=\"grve-subtitle\">Desarrollamos planes de formaci\u00f3n 100% personalizados<\/div><h2 class=\"grve-slogan-title grve-align-center grve-h3\"><span>\u00bfLE INTERESA UNA FORMACI\u00d3N A MEDIDA?<\/span><\/h2><div class=\"grve-btn-wrapper\"><a href=\"mailto:info@encoigualdad.com\" class=\"grve-btn grve-btn-small grve-square grve-bg-white grve-bg-hover-primary-1 grve-btn-line\"><span>CONTACTAR<\/span><\/a><\/div><\/div>[\/vc_column][\/vc_row]<\/p>\n","protected":false},"excerpt":{"rendered":"<p>[vc_row padding_top=\u00bb50&#8243; padding_bottom=\u00bb50&#8243; margin_bottom=\u00bb0&#8243;][vc_column][vc_column_text text_style=\u00bbsubtitle\u00bb] Desarrollamos acciones de formaci\u00f3n espec\u00edfica en el marco\u00a0de la ejecuci\u00f3n del Plan de Igualdad. Tambi\u00e9n ofrecemos de forma independiente formaci\u00f3n para empresas y organizaciones tengan o no su Plan de Igualdad [\/vc_column_text][\/vc_column][\/vc_row][vc_row][vc_column][\/vc_column][\/vc_row][vc_row heading_color=\u00bblight\u00bb bg_type=\u00bbimage\u00bb bg_image=\u00bb6999&#8243; bg_image_type=\u00bbparallax\u00bb bg_image_size=\u00bbfull\u00bb color_overlay=\u00bbdark\u00bb opacity_overlay=\u00bb50&#8243; footer_feature=\u00bbyes\u00bb padding_top=\u00bb120&#8243; padding_bottom=\u00bb120&#8243; margin_bottom=\u00bb0&#8243; font_color=\u00bbrgba(255,255,255,0.63)\u00bb][vc_column css=\u00bb.vc_custom_1444673419444{padding-right: 15% !important;padding-left: 15% !important;}\u00bb][\/vc_column][\/vc_row]<\/p>\n","protected":false},"author":1,"featured_media":0,"parent":0,"menu_order":3,"comment_status":"closed","ping_status":"closed","template":"","meta":[],"yoast_head":"<!-- This site is optimized with the Yoast SEO plugin v17.2.1 - https:\/\/yoast.com\/wordpress\/plugins\/seo\/ -->\n<title>FORMACI\u00d3N - ENCO_IGUALDAD<\/title>\n<meta name=\"description\" content=\"Desarrollamos acciones de formaci\u00f3n espec\u00edfica en el marco de la ejecuci\u00f3n del plan de igualdad. Tambi\u00e9n ofrecemos de forma independiente formaci\u00f3n para empresas y organizaciones tengan o no su plan de igualdad\" \/>\n<meta name=\"robots\" content=\"index, follow, max-snippet:-1, max-image-preview:large, max-video-preview:-1\" \/>\n<link rel=\"canonical\" href=\"https:\/\/encoigualdad.com\/index.php\/formacion\/\" \/>\n<meta property=\"og:locale\" content=\"es_ES\" \/>\n<meta property=\"og:type\" content=\"article\" \/>\n<meta property=\"og:title\" content=\"FORMACI\u00d3N - ENCO_IGUALDAD\" \/>\n<meta property=\"og:description\" content=\"Desarrollamos acciones de formaci\u00f3n espec\u00edfica en el marco de la ejecuci\u00f3n del plan de igualdad. Tambi\u00e9n ofrecemos de forma independiente formaci\u00f3n para empresas y organizaciones tengan o no su plan de igualdad\" \/>\n<meta property=\"og:url\" content=\"https:\/\/encoigualdad.com\/index.php\/formacion\/\" \/>\n<meta property=\"og:site_name\" content=\"ENCO_IGUALDAD\" \/>\n<meta property=\"article:modified_time\" content=\"2021-09-27T10:16:09+00:00\" \/>\n<meta name=\"twitter:card\" content=\"summary_large_image\" \/>\n<meta name=\"twitter:label1\" content=\"Tiempo de lectura\" \/>\n\t<meta name=\"twitter:data1\" content=\"1 minuto\" \/>\n<script type=\"application\/ld+json\" class=\"yoast-schema-graph\">{\"@context\":\"https:\/\/schema.org\",\"@graph\":[{\"@type\":\"WebSite\",\"@id\":\"https:\/\/encoigualdad.com\/#website\",\"url\":\"https:\/\/encoigualdad.com\/\",\"name\":\"ENCO_IGUALDAD\",\"description\":\"PLANES DE IGUALDAD PARA EMPRESAS\",\"potentialAction\":[{\"@type\":\"SearchAction\",\"target\":{\"@type\":\"EntryPoint\",\"urlTemplate\":\"https:\/\/encoigualdad.com\/?s={search_term_string}\"},\"query-input\":\"required name=search_term_string\"}],\"inLanguage\":\"es\"},{\"@type\":\"WebPage\",\"@id\":\"https:\/\/encoigualdad.com\/index.php\/formacion\/#webpage\",\"url\":\"https:\/\/encoigualdad.com\/index.php\/formacion\/\",\"name\":\"FORMACI\\u00d3N - ENCO_IGUALDAD\",\"isPartOf\":{\"@id\":\"https:\/\/encoigualdad.com\/#website\"},\"datePublished\":\"2021-08-06T10:38:35+00:00\",\"dateModified\":\"2021-09-27T10:16:09+00:00\",\"description\":\"Desarrollamos acciones de formaci\\u00f3n espec\\u00edfica en el marco de la ejecuci\\u00f3n del plan de igualdad. Tambi\\u00e9n ofrecemos de forma independiente formaci\\u00f3n para empresas y organizaciones tengan o no su plan de igualdad\",\"breadcrumb\":{\"@id\":\"https:\/\/encoigualdad.com\/index.php\/formacion\/#breadcrumb\"},\"inLanguage\":\"es\",\"potentialAction\":[{\"@type\":\"ReadAction\",\"target\":[\"https:\/\/encoigualdad.com\/index.php\/formacion\/\"]}]},{\"@type\":\"BreadcrumbList\",\"@id\":\"https:\/\/encoigualdad.com\/index.php\/formacion\/#breadcrumb\",\"itemListElement\":[{\"@type\":\"ListItem\",\"position\":1,\"name\":\"Portada\",\"item\":\"https:\/\/encoigualdad.com\/\"},{\"@type\":\"ListItem\",\"position\":2,\"name\":\"FORMACI\\u00d3N\"}]}]}<\/script>\n<!-- \/ Yoast SEO plugin. -->","yoast_head_json":{"title":"FORMACI\u00d3N - ENCO_IGUALDAD","description":"Desarrollamos acciones de formaci\u00f3n espec\u00edfica en el marco de la ejecuci\u00f3n del plan de igualdad. Tambi\u00e9n ofrecemos de forma independiente formaci\u00f3n para empresas y organizaciones tengan o no su plan de igualdad","robots":{"index":"index","follow":"follow","max-snippet":"max-snippet:-1","max-image-preview":"max-image-preview:large","max-video-preview":"max-video-preview:-1"},"canonical":"https:\/\/encoigualdad.com\/index.php\/formacion\/","og_locale":"es_ES","og_type":"article","og_title":"FORMACI\u00d3N - ENCO_IGUALDAD","og_description":"Desarrollamos acciones de formaci\u00f3n espec\u00edfica en el marco de la ejecuci\u00f3n del plan de igualdad. Tambi\u00e9n ofrecemos de forma independiente formaci\u00f3n para empresas y organizaciones tengan o no su plan de igualdad","og_url":"https:\/\/encoigualdad.com\/index.php\/formacion\/","og_site_name":"ENCO_IGUALDAD","article_modified_time":"2021-09-27T10:16:09+00:00","twitter_card":"summary_large_image","twitter_misc":{"Tiempo de lectura":"1 minuto"},"schema":{"@context":"https:\/\/schema.org","@graph":[{"@type":"WebSite","@id":"https:\/\/encoigualdad.com\/#website","url":"https:\/\/encoigualdad.com\/","name":"ENCO_IGUALDAD","description":"PLANES DE IGUALDAD PARA EMPRESAS","potentialAction":[{"@type":"SearchAction","target":{"@type":"EntryPoint","urlTemplate":"https:\/\/encoigualdad.com\/?s={search_term_string}"},"query-input":"required name=search_term_string"}],"inLanguage":"es"},{"@type":"WebPage","@id":"https:\/\/encoigualdad.com\/index.php\/formacion\/#webpage","url":"https:\/\/encoigualdad.com\/index.php\/formacion\/","name":"FORMACI\u00d3N - ENCO_IGUALDAD","isPartOf":{"@id":"https:\/\/encoigualdad.com\/#website"},"datePublished":"2021-08-06T10:38:35+00:00","dateModified":"2021-09-27T10:16:09+00:00","description":"Desarrollamos acciones de formaci\u00f3n espec\u00edfica en el marco de la ejecuci\u00f3n del plan de igualdad. Tambi\u00e9n ofrecemos de forma independiente formaci\u00f3n para empresas y organizaciones tengan o no su plan de igualdad","breadcrumb":{"@id":"https:\/\/encoigualdad.com\/index.php\/formacion\/#breadcrumb"},"inLanguage":"es","potentialAction":[{"@type":"ReadAction","target":["https:\/\/encoigualdad.com\/index.php\/formacion\/"]}]},{"@type":"BreadcrumbList","@id":"https:\/\/encoigualdad.com\/index.php\/formacion\/#breadcrumb","itemListElement":[{"@type":"ListItem","position":1,"name":"Portada","item":"https:\/\/encoigualdad.com\/"},{"@type":"ListItem","position":2,"name":"FORMACI\u00d3N"}]}]}},"_links":{"self":[{"href":"https:\/\/encoigualdad.com\/index.php\/wp-json\/wp\/v2\/pages\/6792"}],"collection":[{"href":"https:\/\/encoigualdad.com\/index.php\/wp-json\/wp\/v2\/pages"}],"about":[{"href":"https:\/\/encoigualdad.com\/index.php\/wp-json\/wp\/v2\/types\/page"}],"author":[{"embeddable":true,"href":"https:\/\/encoigualdad.com\/index.php\/wp-json\/wp\/v2\/users\/1"}],"replies":[{"embeddable":true,"href":"https:\/\/encoigualdad.com\/index.php\/wp-json\/wp\/v2\/comments?post=6792"}],"version-history":[{"count":29,"href":"https:\/\/encoigualdad.com\/index.php\/wp-json\/wp\/v2\/pages\/6792\/revisions"}],"predecessor-version":[{"id":7246,"href":"https:\/\/encoigualdad.com\/index.php\/wp-json\/wp\/v2\/pages\/6792\/revisions\/7246"}],"wp:attachment":[{"href":"https:\/\/encoigualdad.com\/index.php\/wp-json\/wp\/v2\/media?parent=6792"}],"curies":[{"name":"wp","href":"https:\/\/api.w.org\/{rel}","templated":true}]}}